{"id":1887,"date":"2026-03-08T17:46:33","date_gmt":"2026-03-08T16:46:33","guid":{"rendered":"https:\/\/unedunealapage.fr\/?page_id=1887"},"modified":"2026-03-30T15:47:57","modified_gmt":"2026-03-30T13:47:57","slug":"programme","status":"publish","type":"page","link":"https:\/\/unedunealapage.fr\/?page_id=1887","title":{"rendered":"Page L\u00e9onor de Recondo"},"content":{"rendered":"\n<h1 class=\"wp-block-heading has-luminous-vivid-orange-color has-text-color has-link-color wp-elements-50ab7b3d6cfc99497eae56bc32e04fa0\"><strong>L\u00e9onor de R\u00e9condo<\/strong><\/h1>\n\n\n\n<div class=\"wp-block-group\"><div class=\"wp-block-group__inner-container is-layout-constrained wp-block-group-is-layout-constrained\">\n<div class=\"wp-block-media-text is-stacked-on-mobile\" style=\"padding-top:0;padding-bottom:0;grid-template-columns:33% auto\"><figure class=\"wp-block-media-text__media\"><img loading=\"lazy\" decoding=\"async\" width=\"400\" height=\"500\" src=\"https:\/\/unedunealapage.fr\/wp-content\/uploads\/2026\/03\/de_recondo_JFPaga-400x500.jpg\" alt=\"\" class=\"wp-image-3182 size-large\" srcset=\"https:\/\/unedunealapage.fr\/wp-content\/uploads\/2026\/03\/de_recondo_JFPaga-400x500.jpg 400w, https:\/\/unedunealapage.fr\/wp-content\/uploads\/2026\/03\/de_recondo_JFPaga-120x150.jpg 120w, https:\/\/unedunealapage.fr\/wp-content\/uploads\/2026\/03\/de_recondo_JFPaga-768x960.jpg 768w, https:\/\/unedunealapage.fr\/wp-content\/uploads\/2026\/03\/de_recondo_JFPaga.jpg 960w\" sizes=\"auto, (max-width: 400px) 100vw, 400px\" \/><\/figure><div class=\"wp-block-media-text__content\">\n<p class=\"has-small-font-size\" style=\"min-height:0px;line-height:1.4\">L\u00e9onor de R\u00e9condo est une artiste aux multiples talents. D\u00e8s l\u2019\u00e2ge de cinq ans, elle s\u2019initie au violon, instrument qui la m\u00e8nera sur les sc\u00e8nes fran\u00e7aises et internationales, notamment dans le r\u00e9pertoire baroque. En 2010, elle publie son premier roman, La Gr\u00e2ce du cypr\u00e8s blanc, marquant le d\u00e9but d\u2019une carri\u00e8re litt\u00e9raire salu\u00e9e par la critique. Amours (2015) est r\u00e9compens\u00e9 par le Grand Prix L-Lire et le Prix des Libraires, et Point cardinal (2017) est laur\u00e9at du Prix du Roman des \u00e9tudiants France Culture-T\u00e9l\u00e9rama. L\u00e9onor de Recondo est une virtuose qui manie aussi bien l\u2019archet que la plume, offrant des r\u00e9cits empreints de sensibilit\u00e9 et de profondeur. Son nouveau roman est une irr\u00e9sistible partition po\u00e9tique.<\/p>\n<\/div><\/div>\n\n\n\n<hr class=\"wp-block-separator has-alpha-channel-opacity\"\/>\n\n\n\n<div style=\"height:34px\" aria-hidden=\"true\" class=\"wp-block-spacer\"><\/div>\n\n\n\n<div class=\"wp-block-media-text has-media-on-the-right is-stacked-on-mobile\" style=\"grid-template-columns:auto 36%\"><div class=\"wp-block-media-text__content\">\n<p style=\"font-size:12px;line-height:1.5\">Elle s\u2019appelle Enriqueta. Sa vie bascule le 18 ao\u00fbt 1936, quand en quelques minutes elle doit fuir avec ses enfants la maison familiale d\u2019Ir\u00fan menac\u00e9e par les franquistes. Sa terre, son quotidien, Enriqueta perd tout. Sa petite-fille, L\u00e9onor, na\u00eet fran\u00e7aise, loin du drame originel, et son a\u00efeule ne sera pour elle qu\u2019une figure aust\u00e8re bri\u00e8vement crois\u00e9e. Presque un si\u00e8cle plus tard, en 2022, lorsqu\u2019une loi espagnole permet aux descendants d\u2019exil\u00e9s politiques d\u2019obtenir la nationalit\u00e9 perdue, L\u00e9onor d\u00e9cide d\u2019entamer des d\u00e9marches. Devenir franco-espagnole la questionne sur sa filiation. Qu\u2019a-t-elle re\u00e7u, que veut-elle transmettre ? Pourquoi tourner et retourner une terre emplie de fant\u00f4mes ? Tissant bribes de conversations, souvenirs d\u2019enfance et regard po\u00e9tique, L\u00e9onor de R\u00e9condo se fraie un chemin vers celles et ceux que la guerre civile a voulu effacer. Elle rend aux disparus leur voix, et \u00e0 Enriqueta son myst\u00e8re. La litt\u00e9rature ou le pays retrouv\u00e9, territoire de l\u2019amour.<\/p>\n<\/div><figure class=\"wp-block-media-text__media\"><img loading=\"lazy\" decoding=\"async\" width=\"365\" height=\"500\" src=\"https:\/\/unedunealapage.fr\/wp-content\/uploads\/2026\/03\/Marcher-dans-tes-pas_CV_Plat1-365x500.jpg\" alt=\"\" class=\"wp-image-1892 size-full\" srcset=\"https:\/\/unedunealapage.fr\/wp-content\/uploads\/2026\/03\/Marcher-dans-tes-pas_CV_Plat1-365x500.jpg 365w, https:\/\/unedunealapage.fr\/wp-content\/uploads\/2026\/03\/Marcher-dans-tes-pas_CV_Plat1-109x150.jpg 109w, https:\/\/unedunealapage.fr\/wp-content\/uploads\/2026\/03\/Marcher-dans-tes-pas_CV_Plat1-768x1053.jpg 768w, https:\/\/unedunealapage.fr\/wp-content\/uploads\/2026\/03\/Marcher-dans-tes-pas_CV_Plat1-1121x1536.jpg 1121w, https:\/\/unedunealapage.fr\/wp-content\/uploads\/2026\/03\/Marcher-dans-tes-pas_CV_Plat1-1494x2048.jpg 1494w, https:\/\/unedunealapage.fr\/wp-content\/uploads\/2026\/03\/Marcher-dans-tes-pas_CV_Plat1.jpg 1500w\" sizes=\"auto, (max-width: 365px) 100vw, 365px\" \/><\/figure><\/div>\n\n\n\n<hr class=\"wp-block-separator has-alpha-channel-opacity\"\/>\n\n\n\n<div class=\"wp-block-group\"><div class=\"wp-block-group__inner-container is-layout-constrained wp-block-group-is-layout-constrained\">\n<div class=\"wp-block-group\"><div class=\"wp-block-group__inner-container is-layout-constrained wp-block-group-is-layout-constrained\">\n<div class=\"wp-block-media-text is-stacked-on-mobile\" style=\"grid-template-columns:36% auto\"><figure class=\"wp-block-media-text__media\"><img loading=\"lazy\" decoding=\"async\" width=\"318\" height=\"500\" src=\"https:\/\/unedunealapage.fr\/wp-content\/uploads\/2026\/03\/goya_de_pere_en_fille-318x500.jpg\" alt=\"\" class=\"wp-image-2184 size-full\" srcset=\"https:\/\/unedunealapage.fr\/wp-content\/uploads\/2026\/03\/goya_de_pere_en_fille-318x500.jpg 318w, https:\/\/unedunealapage.fr\/wp-content\/uploads\/2026\/03\/goya_de_pere_en_fille-96x150.jpg 96w, https:\/\/unedunealapage.fr\/wp-content\/uploads\/2026\/03\/goya_de_pere_en_fille.jpg 382w\" sizes=\"auto, (max-width: 318px) 100vw, 318px\" \/><\/figure><div class=\"wp-block-media-text__content\">\n<p style=\"font-size:12px;line-height:1.5\">Ao\u00fbt 2023, L\u00e9onor de R\u00e9condo prend la parole \u00e0 Lagrasse, dans les Corbi\u00e8res, o\u00f9 le Banquet du livre s\u2019attache alors \u00e0 explorer la question des g\u00e9n\u00e9rations et de leurs dialogues. Elle rel\u00e8ve le d\u00e9fi\u2009: faire parler une voix qui en elle ne s\u2019est jamais tue, aller chercher ce qui se niche dans une m\u00e9moire re\u00e7ue, entre silences et refoulements.<br>Au d\u00e9part il y a le souvenir d\u2019un souvenir, avant m\u00eame que le violon ne s\u2019impose \u00e0 elle comme l\u2019instrument d\u2019une histoire qui lui sera propre. Elle a quatre ans, lorsque son p\u00e8re, le peintre Felix de R\u00e9condo, lui raconte son exil d\u2019Espagne (il a alors quatre ans lui aussi), fuyant, avec sa m\u00e8re et ses fr\u00e8res, la guerre civile et la menace de l\u2019arrestation. Il a retenu la date, le 18 ao\u00fbt 1936, la m\u00eame que celle de l\u2019assassinat du po\u00e8te Federico Garc\u00eda Lorca. De fille en p\u00e8re, entre la musicienne et le peintre, se d\u00e9vide l\u2019arch\u00e9ologie d\u2019une m\u00e9moire trou\u00e9e \u2013 incorpor\u00e9e.&nbsp; En 2015, \u00e0 la mort de son p\u00e8re, L\u00e9onor de R\u00e9condo, Fran\u00e7aise par sa m\u00e8re, se pose la question de demander la nationalit\u00e9 espagnole. Motiv\u00e9e par une loi vot\u00e9e par le gouvernement de Pedro S\u00e1nchez en 2022 qui garantit les droits des victimes de la guerre civile, elle d\u00e9cide de se lancer dans les d\u00e9marches. Commence alors une longue et \u00e9prouvante errance sur le site Internet du consulat d\u2019Espagne, entre justifications et documents fant\u00f4mes \u00e0 fournir. Et c\u2019est au bout du compte une ultime humiliation qui vient clore la d\u00e9marche car \u00ab\u202fil ne suffit pas de perdre, encore faut-il le prouver\u202f\u00bb. Entre les gravures de Goya (Les D\u00e9sastres de la guerre) et celles de son p\u00e8re (les Prisons, reproduites dans ce livre), L\u00e9onor de R\u00e9condo lie les mots et les souvenirs, la litt\u00e9rature et la m\u00e9moire.<\/p>\n\n\n\n<p style=\"font-size:12px;line-height:1.5\">Goya de p\u00e8re en fille, deuxi\u00e8me titre de la collection \u00ab\u202fLes arts de lire\u202f\u00bb, sortira en m\u00eame temps que son roman Marcher dans tes pas \u00e0 L\u2019Iconoclaste, en ao\u00fbt 2025.<\/p>\n<\/div><\/div>\n<\/div><\/div>\n<\/div><\/div>\n<\/div><\/div>\n\n\n\n<hr class=\"wp-block-separator has-alpha-channel-opacity\"\/>\n\n\n\n<div class=\"wp-block-group\"><div class=\"wp-block-group__inner-container is-layout-constrained wp-block-group-is-layout-constrained\">\n<div class=\"wp-block-columns is-layout-flex wp-container-core-columns-is-layout-9d6595d7 wp-block-columns-is-layout-flex\">\n<div class=\"wp-block-column is-layout-flow wp-block-column-is-layout-flow\">\n<p>Calendrier<\/p>\n\n\n\n<p class=\"has-small-font-size\">\ud83d\udcda<a href=\"https:\/\/unedunealapage.fr\/?tribe_events=les-arts-de-lire\" data-type=\"tribe_events\" data-id=\"2657\">Table ronde<br>Les Arts de Lire<\/a> <span class=\"wp-rich-text-font-awesome-icon wp-font-awesome-icon\"><svg aria-hidden=\"true\" focusable=\"false\" data-prefix=\"fas\" data-icon=\"share\" class=\"svg-inline--fa fa-share \" role=\"img\" xmlns=\"http:\/\/www.w3.org\/2000\/svg\" viewBox=\"0 0 512 512\"><path fill=\"currentColor\" d=\"M307.8 18.4c-12 5-19.8 16.6-19.8 29.6l0 80-112 0c-97.2 0-176 78.8-176 176 0 113.3 81.5 163.9 100.2 174.1 2.5 1.4 5.3 1.9 8.1 1.9 10.9 0 19.7-8.9 19.7-19.7 0-7.5-4.3-14.4-9.8-19.5-9.4-8.8-22.2-26.4-22.2-56.7 0-53 43-96 96-96l96 0 0 80c0 12.9 7.8 24.6 19.8 29.6s25.7 2.2 34.9-6.9l160-160c12.5-12.5 12.5-32.8 0-45.3l-160-160c-9.2-9.2-22.9-11.9-34.9-6.9z\"><\/path><\/svg><\/span><br>\ud83d\udcc5 Vendredi 15 mai \u23f0 11h<br>\ud83d\udccdMaison de la Station<\/p>\n\n\n\n<p class=\"has-small-font-size\">\ud83d\udcda<a href=\"https:\/\/unedunealapage.fr\/?tribe_events=ecrire-lhistoire-des-siens\" data-type=\"tribe_events\" data-id=\"2663\">Rencontre litt\u00e9raire<br>Ecrire l&rsquo;histoire des siens<\/a> <span class=\"wp-rich-text-font-awesome-icon wp-font-awesome-icon\"><svg aria-hidden=\"true\" focusable=\"false\" data-prefix=\"fas\" data-icon=\"share\" class=\"svg-inline--fa fa-share \" role=\"img\" xmlns=\"http:\/\/www.w3.org\/2000\/svg\" viewBox=\"0 0 512 512\"><path fill=\"currentColor\" d=\"M307.8 18.4c-12 5-19.8 16.6-19.8 29.6l0 80-112 0c-97.2 0-176 78.8-176 176 0 113.3 81.5 163.9 100.2 174.1 2.5 1.4 5.3 1.9 8.1 1.9 10.9 0 19.7-8.9 19.7-19.7 0-7.5-4.3-14.4-9.8-19.5-9.4-8.8-22.2-26.4-22.2-56.7 0-53 43-96 96-96l96 0 0 80c0 12.9 7.8 24.6 19.8 29.6s25.7 2.2 34.9-6.9l160-160c12.5-12.5 12.5-32.8 0-45.3l-160-160c-9.2-9.2-22.9-11.9-34.9-6.9z\"><\/path><\/svg><\/span><br>\ud83d\udcc5 Vendredi 15 mai \u23f0 14h<br>\ud83d\udccdMaison de la Station<\/p>\n<\/div>\n\n\n\n<div class=\"wp-block-column is-layout-flow wp-block-column-is-layout-flow\">\n<p>Auteurs et Programme<\/p>\n\n\n\n<p class=\"has-small-font-size\"><span class=\"wp-rich-text-font-awesome-icon wp-font-awesome-icon\"><svg aria-hidden=\"true\" focusable=\"false\" data-prefix=\"fas\" data-icon=\"share\" class=\"svg-inline--fa fa-share \" role=\"img\" xmlns=\"http:\/\/www.w3.org\/2000\/svg\" viewBox=\"0 0 512 512\"><path fill=\"currentColor\" d=\"M307.8 18.4c-12 5-19.8 16.6-19.8 29.6l0 80-112 0c-97.2 0-176 78.8-176 176 0 113.3 81.5 163.9 100.2 174.1 2.5 1.4 5.3 1.9 8.1 1.9 10.9 0 19.7-8.9 19.7-19.7 0-7.5-4.3-14.4-9.8-19.5-9.4-8.8-22.2-26.4-22.2-56.7 0-53 43-96 96-96l96 0 0 80c0 12.9 7.8 24.6 19.8 29.6s25.7 2.2 34.9-6.9l160-160c12.5-12.5 12.5-32.8 0-45.3l-160-160c-9.2-9.2-22.9-11.9-34.9-6.9z\"><\/path><\/svg><\/span> <a href=\"https:\/\/unedunealapage.fr\/?page_id=2238\" data-type=\"page\" data-id=\"2238\">vers Liste des auteurs<\/a><br><span class=\"wp-rich-text-font-awesome-icon wp-font-awesome-icon\"><svg aria-hidden=\"true\" focusable=\"false\" data-prefix=\"fas\" data-icon=\"share\" class=\"svg-inline--fa fa-share \" role=\"img\" xmlns=\"http:\/\/www.w3.org\/2000\/svg\" viewBox=\"0 0 512 512\"><path fill=\"currentColor\" d=\"M307.8 18.4c-12 5-19.8 16.6-19.8 29.6l0 80-112 0c-97.2 0-176 78.8-176 176 0 113.3 81.5 163.9 100.2 174.1 2.5 1.4 5.3 1.9 8.1 1.9 10.9 0 19.7-8.9 19.7-19.7 0-7.5-4.3-14.4-9.8-19.5-9.4-8.8-22.2-26.4-22.2-56.7 0-53 43-96 96-96l96 0 0 80c0 12.9 7.8 24.6 19.8 29.6s25.7 2.2 34.9-6.9l160-160c12.5-12.5 12.5-32.8 0-45.3l-160-160c-9.2-9.2-22.9-11.9-34.9-6.9z\"><\/path><\/svg><\/span> <a href=\"https:\/\/unedunealapage.fr\/?page_id=1925\" data-type=\"page\" data-id=\"1925\">vers Programme<\/a><\/p>\n<\/div>\n<\/div>\n<\/div><\/div>\n\n\n\n<hr class=\"wp-block-separator has-alpha-channel-opacity\"\/>\n","protected":false},"excerpt":{"rendered":"<p>L\u00e9onor de R\u00e9condo L\u00e9onor de R\u00e9condo est une artiste aux multiples talents. D\u00e8s l\u2019\u00e2ge de cinq ans, elle s\u2019initie au violon, instrument qui la m\u00e8nera sur les sc\u00e8nes fran\u00e7aises et &hellip; <\/p>\n<p class=\"link-more\"><a href=\"https:\/\/unedunealapage.fr\/?page_id=1887\" class=\"more-link\">Continuer la lecture<span class=\"screen-reader-text\"> de &laquo;&nbsp;Page L\u00e9onor de Recondo&nbsp;&raquo;<\/span><\/a><\/p>\n","protected":false},"author":1,"featured_media":0,"parent":0,"menu_order":0,"comment_status":"closed","ping_status":"closed","template":"","meta":{"_EventAllDay":false,"_EventTimezone":"","_EventStartDate":"","_EventEndDate":"","_EventStartDateUTC":"","_EventEndDateUTC":"","_EventShowMap":false,"_EventShowMapLink":false,"_EventURL":"","_EventCost":"","_EventCostDescription":"","_EventCurrencySymbol":"","_EventCurrencyCode":"","_EventCurrencyPosition":"","_EventDateTimeSeparator":"","_EventTimeRangeSeparator":"","_EventOrganizerID":[],"_EventVenueID":[],"_OrganizerEmail":"","_OrganizerPhone":"","_OrganizerWebsite":"","_VenueAddress":"","_VenueCity":"","_VenueCountry":"","_VenueProvince":"","_VenueState":"","_VenueZip":"","_VenuePhone":"","_VenueURL":"","_VenueStateProvince":"","_VenueLat":"","_VenueLng":"","_VenueShowMap":false,"_VenueShowMapLink":false,"footnotes":""},"class_list":["post-1887","page","type-page","status-publish","hentry"],"_links":{"self":[{"href":"https:\/\/unedunealapage.fr\/index.php?rest_route=\/wp\/v2\/pages\/1887","targetHints":{"allow":["GET"]}}],"collection":[{"href":"https:\/\/unedunealapage.fr\/index.php?rest_route=\/wp\/v2\/pages"}],"about":[{"href":"https:\/\/unedunealapage.fr\/index.php?rest_route=\/wp\/v2\/types\/page"}],"author":[{"embeddable":true,"href":"https:\/\/unedunealapage.fr\/index.php?rest_route=\/wp\/v2\/users\/1"}],"replies":[{"embeddable":true,"href":"https:\/\/unedunealapage.fr\/index.php?rest_route=%2Fwp%2Fv2%2Fcomments&post=1887"}],"version-history":[{"count":29,"href":"https:\/\/unedunealapage.fr\/index.php?rest_route=\/wp\/v2\/pages\/1887\/revisions"}],"predecessor-version":[{"id":3713,"href":"https:\/\/unedunealapage.fr\/index.php?rest_route=\/wp\/v2\/pages\/1887\/revisions\/3713"}],"wp:attachment":[{"href":"https:\/\/unedunealapage.fr\/index.php?rest_route=%2Fwp%2Fv2%2Fmedia&parent=1887"}],"curies":[{"name":"wp","href":"https:\/\/api.w.org\/{rel}","templated":true}]}}