{"id":2323,"date":"2026-03-10T21:31:47","date_gmt":"2026-03-10T20:31:47","guid":{"rendered":"https:\/\/unedunealapage.fr\/?page_id=2323"},"modified":"2026-03-30T15:20:44","modified_gmt":"2026-03-30T13:20:44","slug":"page-christian-cailleaux","status":"publish","type":"page","link":"https:\/\/unedunealapage.fr\/?page_id=2323","title":{"rendered":"Page Christian Cailleaux"},"content":{"rendered":"\n<div class=\"wp-block-group\"><div class=\"wp-block-group__inner-container is-layout-constrained wp-block-group-is-layout-constrained\">\n<div class=\"wp-block-group\"><div class=\"wp-block-group__inner-container is-layout-constrained wp-block-group-is-layout-constrained\">\n<h1 class=\"wp-block-heading has-text-align-left has-luminous-vivid-orange-color has-text-color has-link-color wp-elements-7c09c568ef2f768910929a10d76f88aa\">Christian Cailleaux<\/h1>\n\n\n<div class=\"wp-block-image\">\n<figure class=\"alignleft size-large is-resized\"><img loading=\"lazy\" decoding=\"async\" width=\"500\" height=\"334\" src=\"https:\/\/unedunealapage.fr\/wp-content\/uploads\/2026\/03\/Cailleaux\u00a9Gary-Lafitte-500x334.jpg\" alt=\"\" class=\"wp-image-2242\" style=\"width:375px;height:auto\" srcset=\"https:\/\/unedunealapage.fr\/wp-content\/uploads\/2026\/03\/Cailleaux\u00a9Gary-Lafitte-500x334.jpg 500w, https:\/\/unedunealapage.fr\/wp-content\/uploads\/2026\/03\/Cailleaux\u00a9Gary-Lafitte-150x100.jpg 150w, https:\/\/unedunealapage.fr\/wp-content\/uploads\/2026\/03\/Cailleaux\u00a9Gary-Lafitte-768x513.jpg 768w, https:\/\/unedunealapage.fr\/wp-content\/uploads\/2026\/03\/Cailleaux\u00a9Gary-Lafitte-1536x1025.jpg 1536w, https:\/\/unedunealapage.fr\/wp-content\/uploads\/2026\/03\/Cailleaux\u00a9Gary-Lafitte.jpg 1772w\" sizes=\"auto, (max-width: 500px) 100vw, 500px\" \/><figcaption class=\"wp-element-caption\">\u00a9 Gary Lafitte<\/figcaption><\/figure>\n<\/div>\n\n\n<p class=\"has-small-font-size\">Auteur de BD, illustrateur et pi\u00e8tre trompettiste comme son h\u00e9ros des \u00ab\u00a0Imposteurs\u00a0\u00bb (Casterman 2005), Christian Cailleaux a v\u00e9cu durant quinze ans entre l&rsquo;Afrique, le Qu\u00e9bec ou la France, et commenc\u00e9 sa carri\u00e8re d&rsquo;auteur dans la collection G\u00e9n\u00e9ration Dargaud (deux ouvrages aujourd&rsquo;hui \u00e9puis\u00e9s) avant de r\u00e9aliser seul deux albums pour ce m\u00eame \u00e9diteur. Depuis, la balade continue de pays en pays, d&rsquo;albums en albums. Entre une couverture de roman et une pochette de disque de jazz, il aime raconter des histoires de d\u00e9parts, vers l&rsquo;Afrique, l&rsquo;oc\u00e9an Indien, l&rsquo;Inde&#8230; et d\u00e9veloppe un univers entre ligne claire et libert\u00e9 graphique. Encore \u00e0 propos de mers et de lointains, il s&#8217;embarque &#8211; au propre comme figur\u00e9 &#8211; sur les b\u00e2timents gris de la Royale avec celui qui deviendra son ami, le com\u00e9dien-\u00e9crivain Bernard Giraudeau, pour l&rsquo;album \u00ab\u00a0R97\u00a0\u00bb, les hommes \u00e0 terre. Puis il entre dans la prestigieuse collection Aire Libre des \u00e9ditions Dupuis pour \u00e9voquer Boris Vian en dessinant \u00ab\u00a0Piscine Molitor\u00a0\u00bb avec son ami et sc\u00e9nariste Herv\u00e9 Bourhis. C&rsquo;est dans cette m\u00eame collection qu&rsquo;il poursuit sa collaboration avec le regrett\u00e9 Bernard Giraudeau en publiant en 2011 \u00ab\u00a0Les Longues Travers\u00e9es\u00a0\u00bb. Il aborde, en 2013, la BD-Reportage en racontant son embarquement vers les Terres Australes avec \u00ab\u00a0Marins d&rsquo;eaux dures\u00a0\u00bb, publi\u00e9 dans le N\u00b01 de LA REVUE DESSIN\u00c9E, puis int\u00e9gr\u00e9 \u00e0 l&rsquo;album \u00ab\u00a0Embarqu\u00e9\u00a0\u00bb (Futuropolis 2015). D\u00e9but 2017 parait la biographie de Jacques Pr\u00e9vert con\u00e7ue avec Herv\u00e9 Bourhis : \u00ab\u00a0Jacques Pr\u00e9vert n&rsquo;est pas un po\u00e8te\u00a0\u00bb (Aire Libre). En 2018, Timoth\u00e9e de Fombelle et Gallimard-BD lui offrent un magnifique polar qui survole les toits de l&rsquo;Op\u00e9ra de Paris jusqu&rsquo;aux buildings New Yorkais pour composer \u00ab\u00a0Gramercy Park\u00a0\u00bb, avant de repartir en mission scientifique pour TARA Exp\u00e9ditions avec les \u00ab\u00a0Cahiers de la mer de Chine\u00a0\u00bb (Aire Libre). En 2020, il renoue avec ses racines de la ligne en claire pour dessiner avec \u00c9tienne Schr\u00e9der le vingt-septi\u00e8me \u00e9pisode des aventures de Blake et Mortimer, \u00ab\u00a0Le Cri du Moloch\u00a0\u00bb, \u00e9crit par Jean Dufaux. On le retrouve dans l&rsquo;univers jacobsien en 2023 avec la publication de \u00ab\u00a0La Fl\u00e8che ardente\u00a0\u00bb, la suite du \u00ab\u00a0Rayon U\u00a0\u00bb sc\u00e9naris\u00e9e par Jean Van Hamme et co-dessin\u00e9 avec \u00c9tienne Schr\u00e9der. La m\u00eame ann\u00e9e marque \u00e9galement son retour sur les mers avec l&rsquo;adaptation, avec Jos\u00e9-Louis Bocquet, du premier roman dur de Georges Simenon : \u00ab\u00a0Le Passager du Polarlys\u00a0\u00bb.<\/p>\n\n\n\n<hr class=\"wp-block-separator has-alpha-channel-opacity\"\/>\n\n\n\n<div style=\"height:41px\" aria-hidden=\"true\" class=\"wp-block-spacer\"><\/div>\n\n\n<div class=\"wp-block-image\">\n<figure class=\"alignleft size-large is-resized\"><img loading=\"lazy\" decoding=\"async\" width=\"382\" height=\"500\" src=\"https:\/\/unedunealapage.fr\/wp-content\/uploads\/2026\/03\/Couverture-2-382x500.jpg\" alt=\"\" class=\"wp-image-2217\" style=\"width:235px;height:auto\" srcset=\"https:\/\/unedunealapage.fr\/wp-content\/uploads\/2026\/03\/Couverture-2-382x500.jpg 382w, https:\/\/unedunealapage.fr\/wp-content\/uploads\/2026\/03\/Couverture-2-115x150.jpg 115w, https:\/\/unedunealapage.fr\/wp-content\/uploads\/2026\/03\/Couverture-2-768x1006.jpg 768w, https:\/\/unedunealapage.fr\/wp-content\/uploads\/2026\/03\/Couverture-2-1173x1536.jpg 1173w, https:\/\/unedunealapage.fr\/wp-content\/uploads\/2026\/03\/Couverture-2-1564x2048.jpg 1564w, https:\/\/unedunealapage.fr\/wp-content\/uploads\/2026\/03\/Couverture-2-scaled.jpg 1955w\" sizes=\"auto, (max-width: 382px) 100vw, 382px\" \/><\/figure>\n<\/div>\n\n\n<p class=\"has-small-font-size\">F\u00e9vrier 1930. Dans un atelier d&rsquo;artiste de Montparnasse, une jeune femme est retrouv\u00e9e morte. Surdose de morphine. Elle s&rsquo;appelait Marie Baron. Quelques jours plus tard, le cargo mixte Polarlys quitte le port de Hambourg pour l&rsquo;extr\u00eame nord de la Norv\u00e8ge. Voyage de routine, destin\u00e9 \u00e0 approvisionner les ports qui jalonnent la c\u00f4te. Quel rapport entre ces deux \u00e9v\u00e9nements, distants de plusieurs milliers de kilom\u00e8tres ? A priori, aucun.&nbsp; Mais pour le capitaine Petersen, cette travers\u00e9e ne sera pas comme les autres. Car il a de bonnes raisons de penser que le responsable de la mort de Marie se cache \u00e0 bord de son navire.&nbsp;<br>Et quand un conseiller de police est assassin\u00e9 dans sa cabine, l&rsquo;ambiance se tend encore plus. Parmi les passagers du Polarlys, sur une mer battue par les vents et dans une atmosph\u00e8re poisseuse o\u00f9 les faux-semblants r\u00e8gnent en ma\u00eetre, les coupables potentiels ne manquent pas&#8230;<\/p>\n\n\n\n<p class=\"has-small-font-size\">Christian Cailleaux et Jos\u00e9-Louis Bocquet s&#8217;emparent de l&rsquo;un des premiers \u00ab romans durs \u00bb de Georges Simenon, cette facette litt\u00e9raire o\u00f9, sous le signe du roman noir, le cr\u00e9ateur de Maigret met en sc\u00e8ne sa propre com\u00e9die humaine.<\/p>\n\n\n\n<hr class=\"wp-block-separator has-alpha-channel-opacity\"\/>\n\n\n<div class=\"wp-block-image\">\n<figure class=\"alignleft size-large is-resized\"><img loading=\"lazy\" decoding=\"async\" width=\"360\" height=\"500\" src=\"https:\/\/unedunealapage.fr\/wp-content\/uploads\/2026\/03\/Couv-Dabit-Hotel-du-nord-360x500.jpg\" alt=\"\" class=\"wp-image-3678\" style=\"width:243px;height:auto\" srcset=\"https:\/\/unedunealapage.fr\/wp-content\/uploads\/2026\/03\/Couv-Dabit-Hotel-du-nord-360x500.jpg 360w, https:\/\/unedunealapage.fr\/wp-content\/uploads\/2026\/03\/Couv-Dabit-Hotel-du-nord-108x150.jpg 108w, https:\/\/unedunealapage.fr\/wp-content\/uploads\/2026\/03\/Couv-Dabit-Hotel-du-nord-768x1067.jpg 768w, https:\/\/unedunealapage.fr\/wp-content\/uploads\/2026\/03\/Couv-Dabit-Hotel-du-nord-1106x1536.jpg 1106w, https:\/\/unedunealapage.fr\/wp-content\/uploads\/2026\/03\/Couv-Dabit-Hotel-du-nord-1474x2048.jpg 1474w, https:\/\/unedunealapage.fr\/wp-content\/uploads\/2026\/03\/Couv-Dabit-Hotel-du-nord-scaled.jpg 1843w\" sizes=\"auto, (max-width: 360px) 100vw, 360px\" \/><\/figure>\n<\/div>\n\n\n<p class=\"has-small-font-size\">L\u2019H\u00f4tel du Nord, publi\u00e9 en 1929, est le premier roman d\u2019Eug\u00e8ne Dabit. Il retrace la vie quotidienne d\u2019un h\u00f4tel-caf\u00e9-restaurant pour ouvriers, quai de Jemmapes \u00e0 Paris, le long du canal Saint-Martin. Dabit excelle dans cette chronique d\u2019un lieu, o\u00f9 cohabitent le couple de patrons, les Lecouvreur, et tous leurs pensionnaires, dans une ambiance gouailleuse et bon enfant qui les aide \u00e0 surmonter une existence souvent difficile. Eug\u00e8ne Dabit s\u2019est inspir\u00e9 de sa propre histoire puisqu\u2019en 1923 ses parents sont devenus propri\u00e9taires de l\u2019H\u00f4tel du Nord (qui existe toujours aujourd\u2019hui). Cet h\u00f4tel est un sujet parfait pour le jeune Dabit qui, \u00e0 25 ans et parfaitement autodidacte, s\u2019essaie \u00e0 l\u2019\u00e9criture. Le roman para\u00eet chez Deno\u00ebl et est le premier ouvrage couronn\u00e9 par le Prix du Roman Populiste (aujourd\u2019hui Prix Eug\u00e8ne Dabit du Roman Populiste) r\u00e9compensant une \u0153uvre \u00abqui pr\u00e9f\u00e8re les gens du peuple comme personnages et les milieux populaires comme d\u00e9cors, \u00e0 condition qu\u2019il s\u2019en d\u00e9gage une authentique humanit\u00e9\u00bb. Tout le credo de Dabit ! Ce livre, un classique de la litt\u00e9rature sociale et po\u00e9tique, immortalise un monde disparu. Apr\u00e8s la version cin\u00e9ma de Marcel Carn\u00e9 en 1938, c\u2019est aujourd\u2019hui le dessin tendre et puissant de Christian Cailleaux qui lui redonne vie, \u00e0 travers 36 planches pleine page.<br>Cailleaux excelle \u00e0 rendre cette \u00e9poque des ann\u00e9es 1920-1930 qu\u2019il a d\u00e9j\u00e0 illustr\u00e9e dans Les dimanches de Jean D\u00e9zert de J. de la Ville de Mirmont (Finitude, 2023) ou Gramercy Park de Timoth\u00e9e de Fombelle (Gallimard, 2018).<\/p>\n\n\n\n<hr class=\"wp-block-separator has-alpha-channel-opacity\"\/>\n<\/div><\/div>\n<\/div><\/div>\n\n\n\n<div class=\"wp-block-group\"><div class=\"wp-block-group__inner-container is-layout-constrained wp-block-group-is-layout-constrained\">\n<div class=\"wp-block-columns is-layout-flex wp-container-core-columns-is-layout-9d6595d7 wp-block-columns-is-layout-flex\">\n<div class=\"wp-block-column is-layout-flow wp-block-column-is-layout-flow\">\n<p>Calendrier<\/p>\n\n\n\n<p class=\"has-small-font-size\">\ud83d\udcda<a href=\"https:\/\/unedunealapage.fr\/?tribe_events=navigateurs-et-oceans-en-bd\" data-type=\"tribe_events\" data-id=\"2680\">Table ronde<br>Navigateurs et Oc\u00e9ans en BD<\/a> <span class=\"wp-rich-text-font-awesome-icon wp-font-awesome-icon\"><svg aria-hidden=\"true\" focusable=\"false\" data-prefix=\"fas\" data-icon=\"share\" class=\"svg-inline--fa fa-share \" role=\"img\" xmlns=\"http:\/\/www.w3.org\/2000\/svg\" viewBox=\"0 0 512 512\"><path fill=\"currentColor\" d=\"M307.8 18.4c-12 5-19.8 16.6-19.8 29.6l0 80-112 0c-97.2 0-176 78.8-176 176 0 113.3 81.5 163.9 100.2 174.1 2.5 1.4 5.3 1.9 8.1 1.9 10.9 0 19.7-8.9 19.7-19.7 0-7.5-4.3-14.4-9.8-19.5-9.4-8.8-22.2-26.4-22.2-56.7 0-53 43-96 96-96l96 0 0 80c0 12.9 7.8 24.6 19.8 29.6s25.7 2.2 34.9-6.9l160-160c12.5-12.5 12.5-32.8 0-45.3l-160-160c-9.2-9.2-22.9-11.9-34.9-6.9z\"><\/path><\/svg><\/span><br>\ud83d\udcc5 Samedi 16 mai \u23f0 19h<br>\ud83d\udccdSalle Marie Madeleine<\/p>\n<\/div>\n\n\n\n<div class=\"wp-block-column is-layout-flow wp-block-column-is-layout-flow\">\n<p>Auteurs et Programme<\/p>\n\n\n\n<p class=\"has-small-font-size\"><span class=\"wp-rich-text-font-awesome-icon wp-font-awesome-icon\"><svg aria-hidden=\"true\" focusable=\"false\" data-prefix=\"fas\" data-icon=\"share\" class=\"svg-inline--fa fa-share \" role=\"img\" xmlns=\"http:\/\/www.w3.org\/2000\/svg\" viewBox=\"0 0 512 512\"><path fill=\"currentColor\" d=\"M307.8 18.4c-12 5-19.8 16.6-19.8 29.6l0 80-112 0c-97.2 0-176 78.8-176 176 0 113.3 81.5 163.9 100.2 174.1 2.5 1.4 5.3 1.9 8.1 1.9 10.9 0 19.7-8.9 19.7-19.7 0-7.5-4.3-14.4-9.8-19.5-9.4-8.8-22.2-26.4-22.2-56.7 0-53 43-96 96-96l96 0 0 80c0 12.9 7.8 24.6 19.8 29.6s25.7 2.2 34.9-6.9l160-160c12.5-12.5 12.5-32.8 0-45.3l-160-160c-9.2-9.2-22.9-11.9-34.9-6.9z\"><\/path><\/svg><\/span> <a href=\"https:\/\/unedunealapage.fr\/?page_id=2238\" data-type=\"page\" data-id=\"2238\">vers Liste des auteurs<\/a><br><span class=\"wp-rich-text-font-awesome-icon wp-font-awesome-icon\"><svg aria-hidden=\"true\" focusable=\"false\" data-prefix=\"fas\" data-icon=\"share\" class=\"svg-inline--fa fa-share \" role=\"img\" xmlns=\"http:\/\/www.w3.org\/2000\/svg\" viewBox=\"0 0 512 512\"><path fill=\"currentColor\" d=\"M307.8 18.4c-12 5-19.8 16.6-19.8 29.6l0 80-112 0c-97.2 0-176 78.8-176 176 0 113.3 81.5 163.9 100.2 174.1 2.5 1.4 5.3 1.9 8.1 1.9 10.9 0 19.7-8.9 19.7-19.7 0-7.5-4.3-14.4-9.8-19.5-9.4-8.8-22.2-26.4-22.2-56.7 0-53 43-96 96-96l96 0 0 80c0 12.9 7.8 24.6 19.8 29.6s25.7 2.2 34.9-6.9l160-160c12.5-12.5 12.5-32.8 0-45.3l-160-160c-9.2-9.2-22.9-11.9-34.9-6.9z\"><\/path><\/svg><\/span> <a href=\"https:\/\/unedunealapage.fr\/?page_id=1925\" data-type=\"page\" data-id=\"1925\">vers Programme<\/a><\/p>\n<\/div>\n<\/div>\n<\/div><\/div>\n","protected":false},"excerpt":{"rendered":"<p>Christian Cailleaux Auteur de BD, illustrateur et pi\u00e8tre trompettiste comme son h\u00e9ros des \u00ab\u00a0Imposteurs\u00a0\u00bb (Casterman 2005), Christian Cailleaux a v\u00e9cu durant quinze ans entre l&rsquo;Afrique, le Qu\u00e9bec ou la France, &hellip; <\/p>\n<p class=\"link-more\"><a href=\"https:\/\/unedunealapage.fr\/?page_id=2323\" class=\"more-link\">Continuer la lecture<span class=\"screen-reader-text\"> de &laquo;&nbsp;Page Christian Cailleaux&nbsp;&raquo;<\/span><\/a><\/p>\n","protected":false},"author":1,"featured_media":0,"parent":0,"menu_order":0,"comment_status":"closed","ping_status":"closed","template":"","meta":{"_EventAllDay":false,"_EventTimezone":"","_EventStartDate":"","_EventEndDate":"","_EventStartDateUTC":"","_EventEndDateUTC":"","_EventShowMap":false,"_EventShowMapLink":false,"_EventURL":"","_EventCost":"","_EventCostDescription":"","_EventCurrencySymbol":"","_EventCurrencyCode":"","_EventCurrencyPosition":"","_EventDateTimeSeparator":"","_EventTimeRangeSeparator":"","_EventOrganizerID":[],"_EventVenueID":[],"_OrganizerEmail":"","_OrganizerPhone":"","_OrganizerWebsite":"","_VenueAddress":"","_VenueCity":"","_VenueCountry":"","_VenueProvince":"","_VenueState":"","_VenueZip":"","_VenuePhone":"","_VenueURL":"","_VenueStateProvince":"","_VenueLat":"","_VenueLng":"","_VenueShowMap":false,"_VenueShowMapLink":false,"footnotes":""},"class_list":["post-2323","page","type-page","status-publish","hentry"],"_links":{"self":[{"href":"https:\/\/unedunealapage.fr\/index.php?rest_route=\/wp\/v2\/pages\/2323","targetHints":{"allow":["GET"]}}],"collection":[{"href":"https:\/\/unedunealapage.fr\/index.php?rest_route=\/wp\/v2\/pages"}],"about":[{"href":"https:\/\/unedunealapage.fr\/index.php?rest_route=\/wp\/v2\/types\/page"}],"author":[{"embeddable":true,"href":"https:\/\/unedunealapage.fr\/index.php?rest_route=\/wp\/v2\/users\/1"}],"replies":[{"embeddable":true,"href":"https:\/\/unedunealapage.fr\/index.php?rest_route=%2Fwp%2Fv2%2Fcomments&post=2323"}],"version-history":[{"count":8,"href":"https:\/\/unedunealapage.fr\/index.php?rest_route=\/wp\/v2\/pages\/2323\/revisions"}],"predecessor-version":[{"id":3691,"href":"https:\/\/unedunealapage.fr\/index.php?rest_route=\/wp\/v2\/pages\/2323\/revisions\/3691"}],"wp:attachment":[{"href":"https:\/\/unedunealapage.fr\/index.php?rest_route=%2Fwp%2Fv2%2Fmedia&parent=2323"}],"curies":[{"name":"wp","href":"https:\/\/api.w.org\/{rel}","templated":true}]}}