{"id":2392,"date":"2026-03-11T18:41:31","date_gmt":"2026-03-11T17:41:31","guid":{"rendered":"https:\/\/unedunealapage.fr\/?page_id=2392"},"modified":"2026-03-30T15:57:59","modified_gmt":"2026-03-30T13:57:59","slug":"page-olivier-remaud","status":"publish","type":"page","link":"https:\/\/unedunealapage.fr\/?page_id=2392","title":{"rendered":"Page Olivier Remaud"},"content":{"rendered":"\n<h1 class=\"wp-block-heading has-text-align-left has-luminous-vivid-orange-color has-text-color has-link-color wp-elements-3286c76c4f04b9d10cfcf9cfca9c9c93\">Olivier Remaud<\/h1>\n\n\n<div class=\"wp-block-image\">\n<figure class=\"alignleft size-large is-resized\"><img loading=\"lazy\" decoding=\"async\" width=\"500\" height=\"334\" src=\"https:\/\/unedunealapage.fr\/wp-content\/uploads\/2026\/03\/Portrait-Olivier-Remaud-creedit-Claudia-Peppel-500x334.jpg\" alt=\"\" class=\"wp-image-2255\" style=\"width:316px;height:auto\" srcset=\"https:\/\/unedunealapage.fr\/wp-content\/uploads\/2026\/03\/Portrait-Olivier-Remaud-creedit-Claudia-Peppel-500x334.jpg 500w, https:\/\/unedunealapage.fr\/wp-content\/uploads\/2026\/03\/Portrait-Olivier-Remaud-creedit-Claudia-Peppel-150x100.jpg 150w, https:\/\/unedunealapage.fr\/wp-content\/uploads\/2026\/03\/Portrait-Olivier-Remaud-creedit-Claudia-Peppel.jpg 640w\" sizes=\"auto, (max-width: 500px) 100vw, 500px\" \/><figcaption class=\"wp-element-caption\">Olivier Remaud  \u00a9Claudia Peppel<\/figcaption><\/figure>\n<\/div>\n\n\n<p class=\"has-small-font-size\">Olivier Remaud est philosophe et directeur d\u2019\u00e9tudes \u00e0 l\u2019\u00c9cole des hautes \u00e9tudes en sciences sociales. Dans ses travaux il s\u2019int\u00e9resse aux relations entre humains et non humains. Il d\u00e9fend l\u2019importance des r\u00e9cits pour (r\u00e9)orienter nos comportements \u00e0 l\u2019\u00e9gard du vivant. Laur\u00e9at de plusieurs prix nationaux et internationaux, il a publi\u00e9 de nombreux ouvrages, dont Penser comme un iceberg (2020) et Quand les montagnes dansent, r\u00e9cits de la Terre intime (2023).<\/p>\n\n\n\n<h2 class=\"wp-block-heading\">Collection Mondes Sauvages &#8211; Actes Sud<\/h2>\n\n\n\n<p class=\"has-small-font-size\">Une collection pour repenser notre relation \u00e0 la nature, dirig\u00e9e par St\u00e9phane Durand, coauteur et conseiller scientifique des aventures cin\u00e9matographiques de Jacques Perrin.<br>La nation iroquoise avait l\u2019habitude de demander, avant chaque palabre, qui, dans l\u2019assembl\u00e9e, allait parler au nom du loup. En se r\u00e9appropriant cette ancienne tradition, la collection \u201cMondes sauvages\u201d souhaite offrir un lieu d\u2019expression privil\u00e9gi\u00e9 \u00e0 tous ceux qui, aujourd\u2019hui, mettent en place des strat\u00e9gies originales pour \u00eatre \u00e0 l\u2019\u00e9coute des \u00eatres vivants. La biologie et l\u2019\u00e9thologie du XXIe si\u00e8cle atteignent d\u00e9sormais un degr\u00e9 de pr\u00e9cision suffisant pour distinguer les individus et les envisager avec leurs personnalit\u00e9s et leurs histoires de vie singuli\u00e8res. C\u2019est une approche biographique du vivant. En allant \u00e0 la rencontre des animaux sur leurs territoires, ces auteurs partent en \u201cmission diplomatique\u201d au c\u0153ur du monde sauvage. Ils deviennent, au fil de leurs exp\u00e9riences et de leurs aventures, les meilleurs interpr\u00e8tes de tous ces peuples qui n\u2019ont pas la parole mais avec lesquels nous faisons monde commun. Parce que nous partageons avec eux les m\u00eames territoires et la m\u00eame histoire, parce que notre survie en tant qu\u2019esp\u00e8ce d\u00e9pend de la leur, la question de la cohabitation et du vivre-ensemble devient centrale. Il nous faut cr\u00e9er les conditions d\u2019un dialogue \u00e0 nouveaux frais avec tous les \u00eatres vivants, les conditions d\u2019une nouvelle alliance.<\/p>\n\n\n\n<h2 class=\"wp-block-heading has-luminous-vivid-orange-color has-text-color has-link-color wp-elements-89ded06b0ac989ca06254e57d4d6e9de\"><strong>Un apr\u00e8s-midi avec Olivier Remaud<\/strong><br><br>Balade entre dune et for\u00eat<\/h2>\n\n\n\n<p class=\"has-small-font-size\">Le niveau de l\u2019oc\u00e9an s\u2019\u00e9l\u00e8ve et nous nous battons toujours contre l\u2019eau. Pourquoi ne pas inaugurer un autre rapport avec l\u2019\u00e9l\u00e9ment primordial ? Depuis des milliards d\u2019ann\u00e9es, la Terre abrite beaucoup d\u2019histoires liquides. Dans cette randonn\u00e9e, Olivier Remaud en racontera quelques-unes qui vous emm\u00e8neront de l\u2019oc\u00e9an jusqu\u2019aux montagnes. Une invitation \u00e0 voir le monde autrement.<\/p>\n\n\n\n<h2 class=\"wp-block-heading has-luminous-vivid-orange-color has-text-color has-link-color wp-elements-55d2b6bef103e108d86e1fc1da343fa9\">Rencontre litt\u00e9raire: Nocturne amphibien<\/h2>\n\n\n\n<div class=\"wp-block-media-text is-stacked-on-mobile\" style=\"grid-template-columns:25% auto\"><figure class=\"wp-block-media-text__media\"><img loading=\"lazy\" decoding=\"async\" width=\"265\" height=\"500\" src=\"https:\/\/unedunealapage.fr\/wp-content\/uploads\/2026\/03\/CouvRemaud-265x500.jpg\" alt=\"\" class=\"wp-image-2204 size-full\" srcset=\"https:\/\/unedunealapage.fr\/wp-content\/uploads\/2026\/03\/CouvRemaud-265x500.jpg 265w, https:\/\/unedunealapage.fr\/wp-content\/uploads\/2026\/03\/CouvRemaud-80x150.jpg 80w, https:\/\/unedunealapage.fr\/wp-content\/uploads\/2026\/03\/CouvRemaud-768x1449.jpg 768w, https:\/\/unedunealapage.fr\/wp-content\/uploads\/2026\/03\/CouvRemaud-814x1536.jpg 814w, https:\/\/unedunealapage.fr\/wp-content\/uploads\/2026\/03\/CouvRemaud-1086x2048.jpg 1086w, https:\/\/unedunealapage.fr\/wp-content\/uploads\/2026\/03\/CouvRemaud-scaled.jpg 1357w\" sizes=\"auto, (max-width: 265px) 100vw, 265px\" \/><\/figure><div class=\"wp-block-media-text__content\">\n<p class=\"has-small-font-size\">Ce conte \u00e9cologique commence par un r\u00eave dans lequel Olivier Remaud se m\u00e9tamorphose pour suivre Narsa, une grenouille des Pyr\u00e9n\u00e9es quittant sa mare natale pour \u00e9chapper \u00e0 un changement climatique trop violent et dangereux pour elle et les siens. C\u2019est l\u2019occasion pour l\u2019auteur de convier le lecteur \u00e0 une sorte de road movie aquatique \u00e0 travers les \u00e2ges et les lieux habit\u00e9s par toutes sortes d\u2019esp\u00e8ces d\u2019amphibiens dont il nous raconte l\u2019histoire.&nbsp; Une \u00e9criture vive et l\u00e9g\u00e8re, des situations parfois drolatiques, parfois tragiques, une le\u00e7on de choses grandeur nature et une fin en forme de manifeste politique, car il est aujourd\u2019hui urgent de nous inspirer de l\u2019alliance ancestrale que les amphibiens ont nou\u00e9e avec les milieux humides.<\/p>\n<\/div><\/div>\n\n\n\n<h2 class=\"wp-block-heading has-luminous-vivid-orange-color has-text-color has-link-color wp-elements-f82b4e2e9a3bb3598664834672f6fd19\"><strong>Projection documentaire et Rencontre litt\u00e9raire<br><\/strong>\u00abIcebergs, voyages avec les colosses \u00e9ph\u00e9m\u00e8res\u00bb (projection)<br>\u00abPenser comme un iceberg\u00bb (livre)<\/h2>\n\n\n<div class=\"wp-block-image\">\n<figure class=\"alignleft size-large is-resized\"><img loading=\"lazy\" decoding=\"async\" width=\"500\" height=\"354\" src=\"https:\/\/unedunealapage.fr\/wp-content\/uploads\/2026\/03\/Projection_Olivier_Remaud-500x354.jpg\" alt=\"\" class=\"wp-image-2948\" style=\"width:312px;height:auto\" srcset=\"https:\/\/unedunealapage.fr\/wp-content\/uploads\/2026\/03\/Projection_Olivier_Remaud-500x354.jpg 500w, https:\/\/unedunealapage.fr\/wp-content\/uploads\/2026\/03\/Projection_Olivier_Remaud-150x106.jpg 150w, https:\/\/unedunealapage.fr\/wp-content\/uploads\/2026\/03\/Projection_Olivier_Remaud-768x543.jpg 768w, https:\/\/unedunealapage.fr\/wp-content\/uploads\/2026\/03\/Projection_Olivier_Remaud.jpg 841w\" sizes=\"auto, (max-width: 500px) 100vw, 500px\" \/><\/figure>\n<\/div>\n\n\n<p class=\"has-small-font-size\">Projection du documentaire 52 minutes<br>Intervenant-chercheur : Olivier Remaud<br>Un film de Mike Magidson<br>Une production Galat\u00e9e Films<br>En coproduction avec ARTE France\u00a0\u00bb<\/p>\n\n\n\n<div style=\"height:29px\" aria-hidden=\"true\" class=\"wp-block-spacer\"><\/div>\n\n\n\n<div class=\"wp-block-media-text is-stacked-on-mobile\" style=\"grid-template-columns:28% auto\"><figure class=\"wp-block-media-text__media\"><img loading=\"lazy\" decoding=\"async\" width=\"313\" height=\"500\" src=\"https:\/\/unedunealapage.fr\/wp-content\/uploads\/2026\/03\/9782330175535_couv_72-1-313x500.jpg\" alt=\"\" class=\"wp-image-2406 size-full\" srcset=\"https:\/\/unedunealapage.fr\/wp-content\/uploads\/2026\/03\/9782330175535_couv_72-1-313x500.jpg 313w, https:\/\/unedunealapage.fr\/wp-content\/uploads\/2026\/03\/9782330175535_couv_72-1-94x150.jpg 94w, https:\/\/unedunealapage.fr\/wp-content\/uploads\/2026\/03\/9782330175535_couv_72-1.jpg 720w\" sizes=\"auto, (max-width: 313px) 100vw, 313px\" \/><\/figure><div class=\"wp-block-media-text__content\">\n<p class=\"has-small-font-size\">Comment voir la vie sauvage avec des yeux nouveaux ?&nbsp;<br>Olivier Remaud nous fait passer derri\u00e8re les apparences. La neige crisse, la banquise craque, des blocs de glace d\u00e9rivent dans l\u2019oc\u00e9an. On navigue en kayak, on plonge dans des eaux froides, on entend les voix de peuples autochtones. Des \u00e9cosyst\u00e8mes entiers surgissent d\u2019une nature que l\u2019on croyait vide. Les icebergs deviennent des arches biologiques et les glaciers ne sont plus des choses mais des \u00eatres vivants, des partenaires de l\u2019existence quotidienne dont nous d\u00e9pendons intimement. Pas de doute : ils sont parmi nous, avec nous. C\u2019est pourquoi tout ce qui les affecte aujourd\u2019hui nous affecte \u00e9galement.&nbsp;<br>Ce livre est un \u00e9loge des vies inattendues. C\u2019est aussi une r\u00e9flexion sur la discr\u00e9tion comme art de cohabiter avec des entit\u00e9s non humaines.<\/p>\n<\/div><\/div>\n\n\n\n<hr class=\"wp-block-separator has-alpha-channel-opacity\"\/>\n\n\n\n<div class=\"wp-block-group\"><div class=\"wp-block-group__inner-container is-layout-constrained wp-block-group-is-layout-constrained\">\n<div class=\"wp-block-columns is-layout-flex wp-container-core-columns-is-layout-9d6595d7 wp-block-columns-is-layout-flex\">\n<div class=\"wp-block-column is-layout-flow wp-block-column-is-layout-flow\">\n<p>Calendrier<\/p>\n\n\n\n<p class=\"has-small-font-size\">\ud83d\udcda <a href=\"https:\/\/unedunealapage.fr\/?tribe_events=olivier-remaud\" data-type=\"tribe_events\" data-id=\"2667\">\ud83d\udeb6Balade, rencontre<br>et \ud83c\udfa5 projection<\/a> <span class=\"wp-rich-text-font-awesome-icon wp-font-awesome-icon\"><svg aria-hidden=\"true\" focusable=\"false\" data-prefix=\"fas\" data-icon=\"share\" class=\"svg-inline--fa fa-share \" role=\"img\" xmlns=\"http:\/\/www.w3.org\/2000\/svg\" viewBox=\"0 0 512 512\"><path fill=\"currentColor\" d=\"M307.8 18.4c-12 5-19.8 16.6-19.8 29.6l0 80-112 0c-97.2 0-176 78.8-176 176 0 113.3 81.5 163.9 100.2 174.1 2.5 1.4 5.3 1.9 8.1 1.9 10.9 0 19.7-8.9 19.7-19.7 0-7.5-4.3-14.4-9.8-19.5-9.4-8.8-22.2-26.4-22.2-56.7 0-53 43-96 96-96l96 0 0 80c0 12.9 7.8 24.6 19.8 29.6s25.7 2.2 34.9-6.9l160-160c12.5-12.5 12.5-32.8 0-45.3l-160-160c-9.2-9.2-22.9-11.9-34.9-6.9z\"><\/path><\/svg><\/span><br>\ud83d\udcc5 Vendredi 15 mai \u23f0 14h \u00e0 18h<br>\ud83d\udccdSalle Marie Madeleine<\/p>\n<\/div>\n\n\n\n<div class=\"wp-block-column is-layout-flow wp-block-column-is-layout-flow\">\n<p>Auteurs et Programme<\/p>\n\n\n\n<p class=\"has-small-font-size\"><span class=\"wp-rich-text-font-awesome-icon wp-font-awesome-icon\"><svg aria-hidden=\"true\" focusable=\"false\" data-prefix=\"fas\" data-icon=\"share\" class=\"svg-inline--fa fa-share \" role=\"img\" xmlns=\"http:\/\/www.w3.org\/2000\/svg\" viewBox=\"0 0 512 512\"><path fill=\"currentColor\" d=\"M307.8 18.4c-12 5-19.8 16.6-19.8 29.6l0 80-112 0c-97.2 0-176 78.8-176 176 0 113.3 81.5 163.9 100.2 174.1 2.5 1.4 5.3 1.9 8.1 1.9 10.9 0 19.7-8.9 19.7-19.7 0-7.5-4.3-14.4-9.8-19.5-9.4-8.8-22.2-26.4-22.2-56.7 0-53 43-96 96-96l96 0 0 80c0 12.9 7.8 24.6 19.8 29.6s25.7 2.2 34.9-6.9l160-160c12.5-12.5 12.5-32.8 0-45.3l-160-160c-9.2-9.2-22.9-11.9-34.9-6.9z\"><\/path><\/svg><\/span> <a href=\"https:\/\/unedunealapage.fr\/?page_id=2238\" data-type=\"page\" data-id=\"2238\">vers Liste des auteurs<\/a><br><span class=\"wp-rich-text-font-awesome-icon wp-font-awesome-icon\"><svg aria-hidden=\"true\" focusable=\"false\" data-prefix=\"fas\" data-icon=\"share\" class=\"svg-inline--fa fa-share \" role=\"img\" xmlns=\"http:\/\/www.w3.org\/2000\/svg\" viewBox=\"0 0 512 512\"><path fill=\"currentColor\" d=\"M307.8 18.4c-12 5-19.8 16.6-19.8 29.6l0 80-112 0c-97.2 0-176 78.8-176 176 0 113.3 81.5 163.9 100.2 174.1 2.5 1.4 5.3 1.9 8.1 1.9 10.9 0 19.7-8.9 19.7-19.7 0-7.5-4.3-14.4-9.8-19.5-9.4-8.8-22.2-26.4-22.2-56.7 0-53 43-96 96-96l96 0 0 80c0 12.9 7.8 24.6 19.8 29.6s25.7 2.2 34.9-6.9l160-160c12.5-12.5 12.5-32.8 0-45.3l-160-160c-9.2-9.2-22.9-11.9-34.9-6.9z\"><\/path><\/svg><\/span> <a href=\"https:\/\/unedunealapage.fr\/?page_id=1925\" data-type=\"page\" data-id=\"1925\">vers Programme<\/a><\/p>\n<\/div>\n<\/div>\n<\/div><\/div>\n\n\n\n<hr class=\"wp-block-separator has-alpha-channel-opacity\"\/>\n","protected":false},"excerpt":{"rendered":"<p>Olivier Remaud Olivier Remaud est philosophe et directeur d\u2019\u00e9tudes \u00e0 l\u2019\u00c9cole des hautes \u00e9tudes en sciences sociales. Dans ses travaux il s\u2019int\u00e9resse aux relations entre humains et non humains. Il &hellip; <\/p>\n<p class=\"link-more\"><a href=\"https:\/\/unedunealapage.fr\/?page_id=2392\" class=\"more-link\">Continuer la lecture<span class=\"screen-reader-text\"> de &laquo;&nbsp;Page Olivier Remaud&nbsp;&raquo;<\/span><\/a><\/p>\n","protected":false},"author":1,"featured_media":0,"parent":0,"menu_order":0,"comment_status":"closed","ping_status":"closed","template":"","meta":{"_EventAllDay":false,"_EventTimezone":"","_EventStartDate":"","_EventEndDate":"","_EventStartDateUTC":"","_EventEndDateUTC":"","_EventShowMap":false,"_EventShowMapLink":false,"_EventURL":"","_EventCost":"","_EventCostDescription":"","_EventCurrencySymbol":"","_EventCurrencyCode":"","_EventCurrencyPosition":"","_EventDateTimeSeparator":"","_EventTimeRangeSeparator":"","_EventOrganizerID":[],"_EventVenueID":[],"_OrganizerEmail":"","_OrganizerPhone":"","_OrganizerWebsite":"","_VenueAddress":"","_VenueCity":"","_VenueCountry":"","_VenueProvince":"","_VenueState":"","_VenueZip":"","_VenuePhone":"","_VenueURL":"","_VenueStateProvince":"","_VenueLat":"","_VenueLng":"","_VenueShowMap":false,"_VenueShowMapLink":false,"footnotes":""},"class_list":["post-2392","page","type-page","status-publish","hentry"],"_links":{"self":[{"href":"https:\/\/unedunealapage.fr\/index.php?rest_route=\/wp\/v2\/pages\/2392","targetHints":{"allow":["GET"]}}],"collection":[{"href":"https:\/\/unedunealapage.fr\/index.php?rest_route=\/wp\/v2\/pages"}],"about":[{"href":"https:\/\/unedunealapage.fr\/index.php?rest_route=\/wp\/v2\/types\/page"}],"author":[{"embeddable":true,"href":"https:\/\/unedunealapage.fr\/index.php?rest_route=\/wp\/v2\/users\/1"}],"replies":[{"embeddable":true,"href":"https:\/\/unedunealapage.fr\/index.php?rest_route=%2Fwp%2Fv2%2Fcomments&post=2392"}],"version-history":[{"count":8,"href":"https:\/\/unedunealapage.fr\/index.php?rest_route=\/wp\/v2\/pages\/2392\/revisions"}],"predecessor-version":[{"id":3721,"href":"https:\/\/unedunealapage.fr\/index.php?rest_route=\/wp\/v2\/pages\/2392\/revisions\/3721"}],"wp:attachment":[{"href":"https:\/\/unedunealapage.fr\/index.php?rest_route=%2Fwp%2Fv2%2Fmedia&parent=2392"}],"curies":[{"name":"wp","href":"https:\/\/api.w.org\/{rel}","templated":true}]}}