{"id":2908,"date":"2026-03-14T15:21:57","date_gmt":"2026-03-14T14:21:57","guid":{"rendered":"https:\/\/unedunealapage.fr\/?page_id=2908"},"modified":"2026-04-26T21:03:28","modified_gmt":"2026-04-26T19:03:28","slug":"page-prix-contis-plage-une-dune-a-la-page","status":"publish","type":"page","link":"https:\/\/unedunealapage.fr\/?page_id=2908","title":{"rendered":"Prix Contis Plage, Une Dune \u00e0 la Page"},"content":{"rendered":"\n<h1 class=\"wp-block-heading has-luminous-vivid-orange-color has-text-color has-link-color wp-elements-737580141370995fd844d958c899c73a\"><strong>Prix Contis plage<\/strong>, Une Dune \u00e0 la Page<\/h1>\n\n\n\n<h1 class=\"wp-block-heading\"><mark style=\"background-color:rgba(0, 0, 0, 0)\" class=\"has-inline-color has-luminous-vivid-orange-color\"><strong>Le laur\u00e9at du Prix<\/strong><\/mark><\/h1>\n\n\n\n<div class=\"wp-block-media-text is-stacked-on-mobile\" style=\"grid-template-columns:32% auto\"><figure class=\"wp-block-media-text__media\"><img loading=\"lazy\" decoding=\"async\" width=\"339\" height=\"500\" src=\"https:\/\/unedunealapage.fr\/wp-content\/uploads\/2026\/04\/Prix_contis_plage-339x500.png\" alt=\"\" class=\"wp-image-3953 size-full\" srcset=\"https:\/\/unedunealapage.fr\/wp-content\/uploads\/2026\/04\/Prix_contis_plage-339x500.png 339w, https:\/\/unedunealapage.fr\/wp-content\/uploads\/2026\/04\/Prix_contis_plage-102x150.png 102w, https:\/\/unedunealapage.fr\/wp-content\/uploads\/2026\/04\/Prix_contis_plage.png 596w\" sizes=\"auto, (max-width: 339px) 100vw, 339px\" \/><\/figure><div class=\"wp-block-media-text__content\">\n<p>Le jury s&rsquo;est r\u00e9uni le samedi 25 avril 2026,  Loin du M\u00e9kong de Louis Raymond a remport\u00e9 la majorit\u00e9 des votes.<br><\/p>\n\n\n\n<p>Le Prix sera remis \u00e0 l&rsquo;auteur le jeudi 14 mai \u00e0 19h30 lors de l&rsquo;ouverture du festival<\/p>\n<\/div><\/div>\n\n\n\n<hr class=\"wp-block-separator has-alpha-channel-opacity\"\/>\n\n\n\n<p class=\"has-small-font-size\">Fid\u00e8le \u00e0 l\u2019esprit du festival, un lieu de rencontres et d\u2019exp\u00e9riences litt\u00e9raires, ce prix a pour vocation de distinguer un PREMIER ROMAN de langue fran\u00e7aise publi\u00e9 entre mai 2025 et mars 2026.<br>Contis est une station baln\u00e9aire landaise du littoral Atlantique. Ce paysage sauvage du bout du monde est particuli\u00e8rement propice \u00e0 la lecture.<br><strong>Le prix Contis Plage, dot\u00e9 d\u2019une somme de 1000\u20ac, souhaite r\u00e9compenser \u201cle roman de l\u2019\u00e9t\u00e9, un premier roman qui vous embarque \u00bb.<\/strong><br>Le jury, compos\u00e9 de lecteurs avertis, r\u00e9sidants tous \u00e0 Contis, s\u00e9lectionnera une premi\u00e8re liste d\u2019ouvrages avant de d\u00e9signer le laur\u00e9at.<br><strong>Le laur\u00e9at gagnera \u00e9galement un s\u00e9jour d\u2019une semaine pour 4 personnes, offert par le Camping 5* Lous Seurrots.<\/strong><br>Le jury d\u00e9lib\u00e9rera fin avril, le Prix sera remis le jeudi 14 mai lors de la c\u00e9r\u00e9monie d\u2019ouverture du Festival en pr\u00e9sence de l\u2019auteur.<\/p>\n\n\n\n<p class=\"has-small-font-size\"><strong>Les coulisses du Prix :<br><\/strong>Nous avons contact\u00e9 50 maisons d\u2019\u00e9dition \u00e0 l\u2019automne pour leur proposer de participer au Prix. Nous avons re\u00e7u une quarantaine de livres ; un jury compos\u00e9 du Pr\u00e9sident du Prix et 3 membres de l\u2019\u00e9quipe du festival (les m\u00e9diatrices des rencontres litt\u00e9raires) ont fait une premi\u00e8re s\u00e9lection de 7 romans.<br>Mi-mars, les jur\u00e9s ont d\u00e9sign\u00e9 les 3 finalistes. Ils se r\u00e9uniront fin avril pour d\u00e9signer le laur\u00e9at.<\/p>\n\n\n\n<h2 class=\"wp-block-heading\"><strong><mark style=\"background-color:rgba(0, 0, 0, 0)\" class=\"has-inline-color has-luminous-vivid-orange-color\">Les 3 finalistes<\/mark><\/strong><\/h2>\n\n\n\n<div class=\"wp-block-group\"><div class=\"wp-block-group__inner-container is-layout-constrained wp-block-group-is-layout-constrained\">\n<div class=\"wp-block-media-text is-stacked-on-mobile\" style=\"grid-template-columns:26% auto\"><figure class=\"wp-block-media-text__media\"><a href=\"https:\/\/www.editions-jclattes.fr\/livre\/la-rosa-perdida-9782709675222\/\" target=\"_blank\" rel=\" noreferrer noopener\"><img loading=\"lazy\" decoding=\"async\" width=\"312\" height=\"500\" src=\"https:\/\/unedunealapage.fr\/wp-content\/uploads\/2026\/03\/la_rosa_perdida-312x500.jpg\" alt=\"\" class=\"wp-image-2911 size-full\" srcset=\"https:\/\/unedunealapage.fr\/wp-content\/uploads\/2026\/03\/la_rosa_perdida-312x500.jpg 312w, https:\/\/unedunealapage.fr\/wp-content\/uploads\/2026\/03\/la_rosa_perdida-94x150.jpg 94w, https:\/\/unedunealapage.fr\/wp-content\/uploads\/2026\/03\/la_rosa_perdida.jpg 374w\" sizes=\"auto, (max-width: 312px) 100vw, 312px\" \/><\/a><\/figure><div class=\"wp-block-media-text__content\">\n<h2 class=\"wp-block-heading\">Christopher Laquieze<\/h2>\n\n\n\n<div class=\"wp-block-media-text is-stacked-on-mobile\" style=\"grid-template-columns:24% auto\"><figure class=\"wp-block-media-text__media\"><img loading=\"lazy\" decoding=\"async\" width=\"257\" height=\"360\" src=\"https:\/\/unedunealapage.fr\/wp-content\/uploads\/2026\/03\/christopher_Laquieze.webp\" alt=\"\" class=\"wp-image-3221 size-full\" srcset=\"https:\/\/unedunealapage.fr\/wp-content\/uploads\/2026\/03\/christopher_Laquieze.webp 257w, https:\/\/unedunealapage.fr\/wp-content\/uploads\/2026\/03\/christopher_Laquieze-107x150.webp 107w\" sizes=\"auto, (max-width: 257px) 100vw, 257px\" \/><\/figure><div class=\"wp-block-media-text__content\">\n<p class=\"has-small-font-size\">N\u00e9 en 1996 \u00e0 Arcachon,&nbsp;<strong>Christopher Laquieze<\/strong>&nbsp;est essayiste et chroniqueur litt\u00e9raire, sp\u00e9cialis\u00e9 en litt\u00e9rature latino-am\u00e9ricaine.&nbsp;<em>La Rosa Perdida<\/em>&nbsp;est son premier roman.<\/p>\n<\/div><\/div>\n\n\n\n<p class=\"has-small-font-size\">Lorsque Sofia&nbsp;Ordo\u00f1ez&nbsp;est pendue, d\u00e9nonc\u00e9e par son propre fils,&nbsp;Mat\u00edas, une question est sur toutes les l\u00e8vres : l\u2019a-t-il fait par amour ou par vengeance ?<\/p>\n<\/div><\/div>\n\n\n\n<hr class=\"wp-block-separator has-alpha-channel-opacity\"\/>\n\n\n\n<div class=\"wp-block-group\"><div class=\"wp-block-group__inner-container is-layout-constrained wp-block-group-is-layout-constrained\">\n<div class=\"wp-block-media-text is-stacked-on-mobile\" style=\"grid-template-columns:26% auto\"><figure class=\"wp-block-media-text__media\"><a href=\"https:\/\/www.calmann-levy.fr\/livre\/loin-du-mekong-9782702192726\/\" target=\"_blank\" rel=\" noreferrer noopener\"><img loading=\"lazy\" decoding=\"async\" width=\"322\" height=\"500\" src=\"https:\/\/unedunealapage.fr\/wp-content\/uploads\/2026\/03\/loin_du_mekong-322x500.jpg\" alt=\"\" class=\"wp-image-2912 size-full\" srcset=\"https:\/\/unedunealapage.fr\/wp-content\/uploads\/2026\/03\/loin_du_mekong-322x500.jpg 322w, https:\/\/unedunealapage.fr\/wp-content\/uploads\/2026\/03\/loin_du_mekong-97x150.jpg 97w, https:\/\/unedunealapage.fr\/wp-content\/uploads\/2026\/03\/loin_du_mekong.jpg 386w\" sizes=\"auto, (max-width: 322px) 100vw, 322px\" \/><\/a><\/figure><div class=\"wp-block-media-text__content\">\n<h2 class=\"wp-block-heading\">Louis Raymond<\/h2>\n\n\n\n<div class=\"wp-block-media-text is-stacked-on-mobile\" style=\"grid-template-columns:24% auto\"><figure class=\"wp-block-media-text__media\"><img loading=\"lazy\" decoding=\"async\" width=\"360\" height=\"360\" src=\"https:\/\/unedunealapage.fr\/wp-content\/uploads\/2026\/03\/Louis_Raymond_\u00a9Bruno_Levy.webp\" alt=\"\" class=\"wp-image-3224 size-full\" srcset=\"https:\/\/unedunealapage.fr\/wp-content\/uploads\/2026\/03\/Louis_Raymond_\u00a9Bruno_Levy.webp 360w, https:\/\/unedunealapage.fr\/wp-content\/uploads\/2026\/03\/Louis_Raymond_\u00a9Bruno_Levy-150x150.webp 150w, https:\/\/unedunealapage.fr\/wp-content\/uploads\/2026\/03\/Louis_Raymond_\u00a9Bruno_Levy-50x50.webp 50w, https:\/\/unedunealapage.fr\/wp-content\/uploads\/2026\/03\/Louis_Raymond_\u00a9Bruno_Levy-100x100.webp 100w\" sizes=\"auto, (max-width: 360px) 100vw, 360px\" \/><\/figure><div class=\"wp-block-media-text__content\">\n<p class=\"has-small-font-size\">Louis Raymond est journaliste, sp\u00e9cialiste de l\u2019Asie du Sud-Est.&nbsp;<em>Loin du M\u00e9kong<\/em> est son premier roman<\/p>\n<\/div><\/div>\n\n\n\n<p class=\"has-small-font-size\">Un jeune Fran\u00e7ais cherche la tombe de sa grand-m\u00e8re dans&nbsp; le&nbsp; cimeti\u00e8re d\u2019un village du delta du M\u00e9kong.<br>Un si\u00e8cle plus t\u00f4t, une Vietnamienne de dix-huit ans, enceinte, fuit sa belle-famille pour retrouver son mari parti travailler dans&nbsp; une plantation au Cambodge.<br>Ces deux-l\u00e0 sont li\u00e9s par une histoire qui n\u2019a pu se transmettre.<br>Une histoire que seule la litt\u00e9rature peut se permettre d\u2019inventer.<br>Entre enqu\u00eate autobiographique et grande saga familiale, Loin du&nbsp; M\u00e9kong \u00e9crit une page m\u00e9connue de l\u2019histoire de&nbsp; l\u2019ex-Indochine, en d\u00e9ployant une \u00e9mouvante r\u00e9flexion sur&nbsp; le&nbsp; m\u00e9tissage.<\/p>\n<\/div><\/div>\n\n\n\n<hr class=\"wp-block-separator has-alpha-channel-opacity\"\/>\n\n\n\n<div class=\"wp-block-group\"><div class=\"wp-block-group__inner-container is-layout-constrained wp-block-group-is-layout-constrained\">\n<div class=\"wp-block-media-text is-stacked-on-mobile\" style=\"grid-template-columns:26% auto\"><figure class=\"wp-block-media-text__media\"><a href=\"http:\/\/www.philippe-rey.fr\/livre-Quatre_jours_sans_ma_m\u00e8re-655-1-1-0-1.html\" target=\"_blank\" rel=\" noreferrer noopener\"><img loading=\"lazy\" decoding=\"async\" width=\"330\" height=\"500\" src=\"https:\/\/unedunealapage.fr\/wp-content\/uploads\/2026\/03\/quatre_jours_sans_ma_mere-330x500.jpg\" alt=\"\" class=\"wp-image-2914 size-full\" srcset=\"https:\/\/unedunealapage.fr\/wp-content\/uploads\/2026\/03\/quatre_jours_sans_ma_mere-330x500.jpg 330w, https:\/\/unedunealapage.fr\/wp-content\/uploads\/2026\/03\/quatre_jours_sans_ma_mere-99x150.jpg 99w, https:\/\/unedunealapage.fr\/wp-content\/uploads\/2026\/03\/quatre_jours_sans_ma_mere.jpg 396w\" sizes=\"auto, (max-width: 330px) 100vw, 330px\" \/><\/a><\/figure><div class=\"wp-block-media-text__content\">\n<h2 class=\"wp-block-heading\">Rams\u00e8s Kefi<\/h2>\n\n\n\n<div class=\"wp-block-media-text is-stacked-on-mobile\" style=\"grid-template-columns:25% auto\"><figure class=\"wp-block-media-text__media\"><img loading=\"lazy\" decoding=\"async\" width=\"180\" height=\"180\" src=\"https:\/\/unedunealapage.fr\/wp-content\/uploads\/2026\/03\/ramses_Kefi.jpg\" alt=\"\" class=\"wp-image-3225 size-full\" srcset=\"https:\/\/unedunealapage.fr\/wp-content\/uploads\/2026\/03\/ramses_Kefi.jpg 180w, https:\/\/unedunealapage.fr\/wp-content\/uploads\/2026\/03\/ramses_Kefi-150x150.jpg 150w, https:\/\/unedunealapage.fr\/wp-content\/uploads\/2026\/03\/ramses_Kefi-50x50.jpg 50w, https:\/\/unedunealapage.fr\/wp-content\/uploads\/2026\/03\/ramses_Kefi-100x100.jpg 100w\" sizes=\"auto, (max-width: 180px) 100vw, 180px\" \/><\/figure><div class=\"wp-block-media-text__content\">\n<p class=\"has-small-font-size\">Apr\u00e8s des \u00e9tudes d\u2019histoire et une parenth\u00e8se dans la restauration, Rams\u00e8s Kefi aborde le journalisme par hasard, en envoyant un texte \u2013 sur le caf\u00e9 \u2013 \u00e0 diverses r\u00e9dactions. Le Bondyblog le publie et Rue89, dans la foul\u00e9e, lui propose un stage. Il y restera cinq ans, \u00e0 un poste de reporter polyvalent. En 2016, il rejoint le service Soci\u00e9t\u00e9 de&nbsp;<em>Lib\u00e9ration<\/em>, o\u00f9 il se sp\u00e9cialise dans les p\u00e9riph\u00e9ries. En 2022, il part pour la revue&nbsp;<em>XXI<\/em>&nbsp;avec qui il publie&nbsp;<em>\u00c0 la base, c\u2019\u00e9tait lui le gentil<\/em>, un livre sur les rixes adolescentes.&nbsp;<em>Quatre jours sans ma m\u00e8re<\/em>&nbsp;est son premier roman.<\/p>\n<\/div><\/div>\n\n\n\n<p class=\"has-small-font-size\">Dans ce premier roman plein de verve et de sensibilit\u00e9, Rams\u00e8s Kefi compose une fresque intime et sociale, o\u00f9 le quartier ouvrier de la Caverne est \u00e0 lui seul un personnage, avec ses habitants pudiques, son PMU d\u2019antan, ses reproductions de bisons sur les murs\u2026 Ce texte est un chant d\u2019amour aux m\u00e8res qui portent le poids de leur famille, sans bruit et sans reconnaissance, aux hommes fragiles, imp\u00e9tueux mais d\u00e9bordant de tendresse, \u00e0 ceux qui ont le courage d\u2019aller chercher dans le pass\u00e9 les rem\u00e8des aux maux du pr\u00e9sent.<\/p>\n<\/div><\/div>\n\n\n\n<hr class=\"wp-block-separator has-alpha-channel-opacity\"\/>\n<\/div><\/div>\n<\/div><\/div>\n<\/div><\/div>\n\n\n\n<h2 class=\"wp-block-heading\"><strong>Liste des \u00ab premiers romans \u00bb s\u00e9lectionn\u00e9s pour le Prix :<\/strong><\/h2>\n\n\n\n<ul class=\"wp-block-list\">\n<li class=\"has-small-font-size\">Les Ann\u00e9es Bleues de Victor Dekyv\u00e8re aux \u00e9ditions Rivages<\/li>\n\n\n\n<li class=\"has-small-font-size\">Reste l\u2019Oc\u00e9an de Marie Pointurier aux \u00e9ditions Liana Levi<\/li>\n\n\n\n<li class=\"has-small-font-size\">La Rosa Perdida de Christopher Laquieze aux \u00e9ditions JC Latt\u00e8s<\/li>\n\n\n\n<li class=\"has-small-font-size\">Loin du M\u00e9kong de Louis Raymond aux \u00e9ditions Calmann Levy<\/li>\n\n\n\n<li class=\"has-small-font-size\">Les Courants d\u2019Arrachement d\u2019Elise L\u00e9pine aux \u00e9ditions Grasset<\/li>\n\n\n\n<li class=\"has-small-font-size\">Quatre jours sans ma m\u00e8re de Rams\u00e8s Kefi aux \u00e9ditions Philippe Rey<\/li>\n\n\n\n<li class=\"has-small-font-size\">Sous leurs pas, les ann\u00e9es de Camille Bordenet aux \u00e9ditions Robert Laffon<\/li>\n<\/ul>\n\n\n\n<div class=\"wp-block-columns is-layout-flex wp-container-core-columns-is-layout-9d6595d7 wp-block-columns-is-layout-flex\">\n<div class=\"wp-block-column is-layout-flow wp-block-column-is-layout-flow\">\n<figure class=\"wp-block-image size-large is-resized\"><img loading=\"lazy\" decoding=\"async\" width=\"341\" height=\"500\" src=\"https:\/\/unedunealapage.fr\/wp-content\/uploads\/2026\/03\/les_annees_bleues-Rivages-341x500.jpg\" alt=\"\" class=\"wp-image-2909\" style=\"aspect-ratio:0.6820230607966457;width:146px;height:auto\" srcset=\"https:\/\/unedunealapage.fr\/wp-content\/uploads\/2026\/03\/les_annees_bleues-Rivages-341x500.jpg 341w, https:\/\/unedunealapage.fr\/wp-content\/uploads\/2026\/03\/les_annees_bleues-Rivages-102x150.jpg 102w, https:\/\/unedunealapage.fr\/wp-content\/uploads\/2026\/03\/les_annees_bleues-Rivages.jpg 400w\" sizes=\"auto, (max-width: 341px) 100vw, 341px\" \/><\/figure>\n<\/div>\n\n\n\n<div class=\"wp-block-column is-layout-flow wp-block-column-is-layout-flow\">\n<figure class=\"wp-block-image size-large is-resized\"><img loading=\"lazy\" decoding=\"async\" width=\"333\" height=\"500\" src=\"https:\/\/unedunealapage.fr\/wp-content\/uploads\/2026\/03\/reste_locean-333x500.jpg\" alt=\"\" class=\"wp-image-2910\" style=\"aspect-ratio:0.6660013306719893;width:143px;height:auto\" srcset=\"https:\/\/unedunealapage.fr\/wp-content\/uploads\/2026\/03\/reste_locean-333x500.jpg 333w, https:\/\/unedunealapage.fr\/wp-content\/uploads\/2026\/03\/reste_locean-100x150.jpg 100w, https:\/\/unedunealapage.fr\/wp-content\/uploads\/2026\/03\/reste_locean.jpg 400w\" sizes=\"auto, (max-width: 333px) 100vw, 333px\" \/><\/figure>\n<\/div>\n\n\n\n<div class=\"wp-block-column is-layout-flow wp-block-column-is-layout-flow\">\n<figure class=\"wp-block-image size-large is-resized\"><img loading=\"lazy\" decoding=\"async\" width=\"312\" height=\"500\" src=\"https:\/\/unedunealapage.fr\/wp-content\/uploads\/2026\/03\/la_rosa_perdida-312x500.jpg\" alt=\"\" class=\"wp-image-2911\" style=\"aspect-ratio:0.6240049870528436;width:135px;height:auto\" srcset=\"https:\/\/unedunealapage.fr\/wp-content\/uploads\/2026\/03\/la_rosa_perdida-312x500.jpg 312w, https:\/\/unedunealapage.fr\/wp-content\/uploads\/2026\/03\/la_rosa_perdida-94x150.jpg 94w, https:\/\/unedunealapage.fr\/wp-content\/uploads\/2026\/03\/la_rosa_perdida.jpg 374w\" sizes=\"auto, (max-width: 312px) 100vw, 312px\" \/><\/figure>\n<\/div>\n<\/div>\n\n\n\n<div class=\"wp-block-columns is-layout-flex wp-container-core-columns-is-layout-9d6595d7 wp-block-columns-is-layout-flex\">\n<div class=\"wp-block-column is-layout-flow wp-block-column-is-layout-flow\">\n<figure class=\"wp-block-image size-large is-resized\"><img loading=\"lazy\" decoding=\"async\" width=\"322\" height=\"500\" src=\"https:\/\/unedunealapage.fr\/wp-content\/uploads\/2026\/03\/loin_du_mekong-322x500.jpg\" alt=\"\" class=\"wp-image-2912\" style=\"aspect-ratio:0.6440166287241413;width:149px;height:auto\" srcset=\"https:\/\/unedunealapage.fr\/wp-content\/uploads\/2026\/03\/loin_du_mekong-322x500.jpg 322w, https:\/\/unedunealapage.fr\/wp-content\/uploads\/2026\/03\/loin_du_mekong-97x150.jpg 97w, https:\/\/unedunealapage.fr\/wp-content\/uploads\/2026\/03\/loin_du_mekong.jpg 386w\" sizes=\"auto, (max-width: 322px) 100vw, 322px\" \/><\/figure>\n<\/div>\n\n\n\n<div class=\"wp-block-column is-layout-flow wp-block-column-is-layout-flow\">\n<figure class=\"wp-block-image size-large is-resized\"><img loading=\"lazy\" decoding=\"async\" width=\"342\" height=\"500\" src=\"https:\/\/unedunealapage.fr\/wp-content\/uploads\/2026\/03\/les_courants_darrachement-342x500.jpg\" alt=\"\" class=\"wp-image-2913\" style=\"aspect-ratio:0.6840306980656014;width:155px;height:auto\" srcset=\"https:\/\/unedunealapage.fr\/wp-content\/uploads\/2026\/03\/les_courants_darrachement-342x500.jpg 342w, https:\/\/unedunealapage.fr\/wp-content\/uploads\/2026\/03\/les_courants_darrachement-103x150.jpg 103w, https:\/\/unedunealapage.fr\/wp-content\/uploads\/2026\/03\/les_courants_darrachement.jpg 400w\" sizes=\"auto, (max-width: 342px) 100vw, 342px\" \/><\/figure>\n<\/div>\n\n\n\n<div class=\"wp-block-column is-layout-flow wp-block-column-is-layout-flow\">\n<figure class=\"wp-block-image size-large is-resized\"><img loading=\"lazy\" decoding=\"async\" width=\"330\" height=\"500\" src=\"https:\/\/unedunealapage.fr\/wp-content\/uploads\/2026\/03\/quatre_jours_sans_ma_mere-330x500.jpg\" alt=\"\" class=\"wp-image-2914\" style=\"aspect-ratio:0.6600223168999797;width:146px;height:auto\" srcset=\"https:\/\/unedunealapage.fr\/wp-content\/uploads\/2026\/03\/quatre_jours_sans_ma_mere-330x500.jpg 330w, https:\/\/unedunealapage.fr\/wp-content\/uploads\/2026\/03\/quatre_jours_sans_ma_mere-99x150.jpg 99w, https:\/\/unedunealapage.fr\/wp-content\/uploads\/2026\/03\/quatre_jours_sans_ma_mere.jpg 396w\" sizes=\"auto, (max-width: 330px) 100vw, 330px\" \/><\/figure>\n<\/div>\n<\/div>\n\n\n\n<div class=\"wp-block-columns is-layout-flex wp-container-core-columns-is-layout-9d6595d7 wp-block-columns-is-layout-flex\">\n<div class=\"wp-block-column is-layout-flow wp-block-column-is-layout-flow\">\n<figure class=\"wp-block-image size-large is-resized\"><img loading=\"lazy\" decoding=\"async\" width=\"314\" height=\"500\" src=\"https:\/\/unedunealapage.fr\/wp-content\/uploads\/2026\/03\/sous_leurs_pas_les_annees-314x500.jpg\" alt=\"\" class=\"wp-image-2915\" style=\"aspect-ratio:0.6280102311664495;width:149px;height:auto\" srcset=\"https:\/\/unedunealapage.fr\/wp-content\/uploads\/2026\/03\/sous_leurs_pas_les_annees-314x500.jpg 314w, https:\/\/unedunealapage.fr\/wp-content\/uploads\/2026\/03\/sous_leurs_pas_les_annees-94x150.jpg 94w, https:\/\/unedunealapage.fr\/wp-content\/uploads\/2026\/03\/sous_leurs_pas_les_annees.jpg 377w\" sizes=\"auto, (max-width: 314px) 100vw, 314px\" \/><\/figure>\n<\/div>\n\n\n\n<div class=\"wp-block-column is-layout-flow wp-block-column-is-layout-flow\"><\/div>\n\n\n\n<div class=\"wp-block-column is-layout-flow wp-block-column-is-layout-flow\"><\/div>\n<\/div>\n","protected":false},"excerpt":{"rendered":"<p>Prix Contis plage, Une Dune \u00e0 la Page Le laur\u00e9at du Prix Le jury s&rsquo;est r\u00e9uni le samedi 25 avril 2026, Loin du M\u00e9kong de Louis Raymond a remport\u00e9 la &hellip; <\/p>\n<p class=\"link-more\"><a href=\"https:\/\/unedunealapage.fr\/?page_id=2908\" class=\"more-link\">Continuer la lecture<span class=\"screen-reader-text\"> de &laquo;&nbsp;Prix Contis Plage, Une Dune \u00e0 la Page&nbsp;&raquo;<\/span><\/a><\/p>\n","protected":false},"author":1,"featured_media":0,"parent":0,"menu_order":0,"comment_status":"closed","ping_status":"closed","template":"","meta":{"_EventAllDay":false,"_EventTimezone":"","_EventStartDate":"","_EventEndDate":"","_EventStartDateUTC":"","_EventEndDateUTC":"","_EventShowMap":false,"_EventShowMapLink":false,"_EventURL":"","_EventCost":"","_EventCostDescription":"","_EventCurrencySymbol":"","_EventCurrencyCode":"","_EventCurrencyPosition":"","_EventDateTimeSeparator":"","_EventTimeRangeSeparator":"","_EventOrganizerID":[],"_EventVenueID":[],"_OrganizerEmail":"","_OrganizerPhone":"","_OrganizerWebsite":"","_VenueAddress":"","_VenueCity":"","_VenueCountry":"","_VenueProvince":"","_VenueState":"","_VenueZip":"","_VenuePhone":"","_VenueURL":"","_VenueStateProvince":"","_VenueLat":"","_VenueLng":"","_VenueShowMap":false,"_VenueShowMapLink":false,"footnotes":""},"class_list":["post-2908","page","type-page","status-publish","hentry"],"_links":{"self":[{"href":"https:\/\/unedunealapage.fr\/index.php?rest_route=\/wp\/v2\/pages\/2908","targetHints":{"allow":["GET"]}}],"collection":[{"href":"https:\/\/unedunealapage.fr\/index.php?rest_route=\/wp\/v2\/pages"}],"about":[{"href":"https:\/\/unedunealapage.fr\/index.php?rest_route=\/wp\/v2\/types\/page"}],"author":[{"embeddable":true,"href":"https:\/\/unedunealapage.fr\/index.php?rest_route=\/wp\/v2\/users\/1"}],"replies":[{"embeddable":true,"href":"https:\/\/unedunealapage.fr\/index.php?rest_route=%2Fwp%2Fv2%2Fcomments&post=2908"}],"version-history":[{"count":15,"href":"https:\/\/unedunealapage.fr\/index.php?rest_route=\/wp\/v2\/pages\/2908\/revisions"}],"predecessor-version":[{"id":3954,"href":"https:\/\/unedunealapage.fr\/index.php?rest_route=\/wp\/v2\/pages\/2908\/revisions\/3954"}],"wp:attachment":[{"href":"https:\/\/unedunealapage.fr\/index.php?rest_route=%2Fwp%2Fv2%2Fmedia&parent=2908"}],"curies":[{"name":"wp","href":"https:\/\/api.w.org\/{rel}","templated":true}]}}